{"id":693,"date":"2020-03-31T13:37:44","date_gmt":"2020-03-31T11:37:44","guid":{"rendered":"http:\/\/twojakancelaria.co\/?page_id=693"},"modified":"2020-03-31T15:00:48","modified_gmt":"2020-03-31T13:00:48","slug":"ubezpieczenie-od-utraty-dochodu","status":"publish","type":"page","link":"https:\/\/twojakancelaria.co\/index.php\/ubezpieczenie-od-utraty-dochodu\/","title":{"rendered":"Ubezpieczenie od utraty dochodu"},"content":{"rendered":"<p><!--StartFragment--><\/p>\n\n\n<figure class=\"wp-block-image size-large is-style-default\"><img loading=\"lazy\" decoding=\"async\" width=\"1024\" height=\"682\" src=\"http:\/\/twojakancelaria.co\/wp-content\/uploads\/2017\/07\/1-1024x682.jpg\" alt=\"\" class=\"wp-image-259 img-responsive\"\/><\/figure>\n\n\n\n<p>Prowadzenie w\u0142asnego biznesu to du\u017ca odpowiedzialno\u015b\u0107. Je\u015bli nie mo\u017cesz pracowa\u0107 tracisz \u017ar\u00f3d\u0142o dochodu, ale koszty nie znikaj\u0105. Co zrobisz, je\u015bli z powod\u00f3w zdrowotnych utracisz zdolno\u015b\u0107 finansowania zobowi\u0105za\u0144?<\/p>\n\n\n\n<p>Od utraty dochodu i trwa\u0142ej niezdolno\u015bci do pracy w zwodzie \u00a0wskazanym w polisie w wyniku \u00a0<strong>wypadku lub choroby<\/strong> zwane popularnie prywatnym chorobowym.<\/p>\n\n\n\n<p>Ubezpieczenie dedykowane przede wszystkim dla os\u00f3b , kt\u00f3re b\u0119d\u0105c na\nzwolnieniu lekarskim podlegaj\u0105 chorobowemu z ZUS-u jak przedsi\u0119biorca\n&nbsp;(np. osoby na kontrakcie , na umowie zlecenia , kontrakty menad\u017cerskie,\numowy powo\u0142ania itp.).<\/p>\n\n\n\n<p>Praca na kontrakcie &nbsp;niesie ryzyko braku dochod\u00f3w podczas niezdolno\u015bci do pracy. Lekarz pozbawiony jest przychod\u00f3w , cho\u0107 nadal musi pokrywa\u0107 koszty sta\u0142e (czynsz, leasing, kredyt, op\u0142aty eksploatacyjne itp.) &nbsp;musi mie\u0107 \u015brodki na \u201e\u017cycie\u201d.<\/p>\n\n\n\n<figure class=\"wp-block-table aligncenter is-style-stripes\"><table class=\"\"><tbody><tr><td>\n  <strong>&nbsp;ZUS&nbsp; min<\/strong>\n  <\/td><td>\n  <strong>&nbsp;<\/strong>\n  <\/td><\/tr><tr><td>\n  <strong>&nbsp;Sk\u0142adka m-<\/strong><strong>czna<\/strong>\n  <\/td><td>\n  <strong>&nbsp;&nbsp;&nbsp;&nbsp;&nbsp;&nbsp;&nbsp; 76,00&nbsp;&nbsp;&nbsp; <\/strong>\n  <\/td><\/tr><tr><td>\n  <strong>&nbsp;Chorobowe <\/strong>\n  <\/td><td>\n  <strong>&nbsp;&nbsp; 1 300,00&nbsp;&nbsp;&nbsp; <\/strong>\n  <\/td><\/tr><tr><td>   <strong>&nbsp;Ubezpieczenie prywatne<\/strong>   <\/td><td>\n  <strong>&nbsp;<\/strong>\n  <\/td><\/tr><tr><td>\n  <strong>&nbsp;Sk\u0142adka m-<\/strong><strong>czna<\/strong>\n  <\/td><td>\n  <strong>&nbsp;&nbsp;&nbsp;&nbsp;&nbsp;&nbsp; 90,00<\/strong>\n  <\/td><\/tr><tr><td>\n  <strong>&nbsp;Prywatne chorobowe<\/strong>\n  <\/td><td>\n  <strong>&nbsp;&nbsp; 5.000,00&nbsp;&nbsp;&nbsp; <\/strong>\n  <\/td><\/tr><\/tbody><\/table><\/figure>\n\n\n\n<p><\/p>\n\n\n\n<p>Ubezpiecz doch\u00f3d od utraty w z:<\/p>\n\n\n\n<ul class=\"wp-block-list\"><li><strong>Wyp\u0142ata miesi\u0119czna utraconego dochodu <\/strong>\u2013 w przypadku okresowej niezdolno\u015bci do pracy w wyniku wypadku lub choroby (brak ograniczaj\u0105cego katalogu chor\u00f3b) od 1.000 do 30.000 ty\u015b , lecz nie wi\u0119cej<strong> ni\u017c <\/strong>max 65% \u015bredniomiesi\u0119cznych przychod\u00f3w brutto z ostatnich m-cy w zawodzie wskazanym w polisie<\/li><\/ul>\n\n\n\n<p><\/p>\n\n\n\n<p><strong>Przyk\u0142adowe sk\u0142adki miesi\u0119cznie<\/strong> <strong>wraz z miesi\u0119cznym \u015bwiadczeniem z tytu\u0142u czasowej niezdolno\u015bci do pracy<\/strong>.<\/p>\n\n\n\n<figure class=\"wp-block-table aligncenter is-style-stripes\"><table class=\"\"><tbody><tr><td>\n  <strong>Wiek<\/strong>\n  <\/td><td>\n  <strong>5.000 z\u0142<\/strong>\n  <\/td><td>\n  <strong>10.000 z\u0142<\/strong>\n  <\/td><td>\n  <strong>15.000 z\u0142<\/strong>\n  <\/td><\/tr><tr><td>\n  <strong>30 lat<\/strong>\n  <\/td><td>\n  <strong>83<\/strong>\n  <\/td><td>\n  <strong>165<\/strong>\n  <\/td><td>\n  <strong>248<\/strong>\n  <\/td><\/tr><tr><td>\n  <strong>40 lat<\/strong>\n  <\/td><td>\n  <strong>92<\/strong>\n  <\/td><td>\n  <strong>183<\/strong>\n  <\/td><td>\n  <strong>275<\/strong>\n  <\/td><\/tr><tr><td>\n  <strong>50 lat<\/strong>\n  <\/td><td>\n  <strong>114<\/strong>\n  <\/td><td>\n  <strong>229<\/strong>\n  <\/td><td>\n  <strong>343<\/strong>\n  <\/td><\/tr><\/tbody><\/table><\/figure>\n\n\n\n<p><em>Uwaga:\nsk\u0142adka obliczona dla II klasy ryzyka zawodowego<\/em><\/p>\n\n\n\n<ul class=\"wp-block-list\"><li><strong>Tak d\u0142ugo jak trzeba \u2013 <\/strong>\u015bwiadczenie miesi\u0119czne p\u0142atne od 15 dnia po wypadku , od 22 po chorobie ,od 180 dnia osoby na etacie &#8211; &nbsp;nawet do 60 m-cy &nbsp;&#8211; dzi\u0119ki temu , \u017ce wyp\u0142ata nast\u0119puje na podstawie dokument\u00f3w medycznych a nie decyzji ZUS<\/li><li><strong>Ca\u0142kowita trwa\u0142a niezdolno\u015b\u0107 do pracy<\/strong> <strong>w konkretnie wskazanym zawodzie <\/strong>zar\u00f3wno w wyniku NW jak i choroby &nbsp;( do 5 mln z\u0142)<\/li><\/ul>\n\n\n\n<p><\/p>\n\n\n\n<p><strong>Przyk\u0142adowe sk\u0142adki miesi\u0119cznie<\/strong> <strong>wraz z miesi\u0119cznym \u015bwiadczeniem z tytu\u0142u czasowej niezdolno\u015bci do pracy<\/strong> <strong>+ trwa\u0142ej niezdolno\u015bci do pracy.<\/strong><\/p>\n\n\n\n<figure class=\"wp-block-table aligncenter is-style-stripes\"><table class=\"\"><tbody><tr><td><strong>Wiek<\/strong><\/td><td><strong>5.000 z\u0142 + 500.000<\/strong><\/td><td><strong>10.000 z\u0142 + 500.000<\/strong><\/td><td><strong>15.000 z\u0142 + 500.00<\/strong>0<\/td><\/tr><tr><td><strong>30 lat<\/strong><\/td><td>   <strong>172<\/strong><\/td><td>   <strong>255<\/strong><\/td><td>   <strong>338<\/strong><\/td><\/tr><tr><td><strong>40 lat<\/strong><\/td><td>   <strong>181<\/strong><\/td><td>   <strong>273<\/strong><\/td><td>   <strong>364<\/strong><\/td><\/tr><tr><td><strong>50 lat<\/strong><\/td><td>   <strong>204<\/strong><\/td><td>   <strong>318<\/strong><\/td><td>   <strong>433<\/strong><\/td><\/tr><\/tbody><\/table><\/figure>\n\n\n\n<p><em>Uwaga:\nsk\u0142adka obliczona dla II klasy ryzyka zawodowego<\/em><\/p>\n\n\n\n<ul class=\"wp-block-list\"><li>Mo\u017cliwo\u015b\u0107 wykupienia dodatkowych opcji ryzyka HIV, &nbsp;konsekwencji uprawiania\nryzykownych sport\u00f3w; za pobyt w szpitalu itd.<\/li><\/ul>\n\n\n\n<p><\/p>\n\n\n\n<p class=\"has-text-align-center\"><strong>Przyk\u0142ad I<\/strong><\/p>\n\n\n\n<p>Programista, 40 lat<\/p>\n\n\n\n<p>W <em>wyniku upadku dozna\u0142a z\u0142ama\u0144 ko\u015bci \u015br\u00f3dr\u0119cza. Seria zabieg\u00f3w\nchirurgicznych i proces rehabilitacji powoduje ok 9 \u2013 miesi\u0119czn\u0105 przerw\u0119 w\npracy.<\/em><\/p>\n\n\n\n<p><strong>Ubezpieczenie\nod utraty dochodu w wyniku wypadku i choroby:<\/strong><\/p>\n\n\n\n<p>Gwarancja wyp\u0142aty 10 000 z\u0142 miesi\u0119cznie przez okres do 24 miesi\u0119cy.<\/p>\n\n\n\n<p><strong>Sk\u0142adka\nroczna 2&nbsp;090 (p\u0142atno\u015b\u0107 jednorazowa)<\/strong><\/p>\n\n\n\n<p><strong>Klient\nregularnie\/miesi\u0119cznie otrzymywa\u0142 10&nbsp;000 z\u0142, co da\u0142o razem wyp\u0142aty ok. 90&nbsp;000\nz\u0142.<\/strong><\/p>\n\n\n\n<p><\/p>\n\n\n\n<p class=\"has-text-align-center\"><strong>Przyk\u0142ad II<\/strong><\/p>\n\n\n\n<p>Chirurg, 40 lat<\/p>\n\n\n\n<p><em>Dozna\u0142\nwypadku komunikacyjnego w wyniku , kt\u00f3rego po d\u0142ugim okresie leczenia i\nrekonwalescencji ma niesprawn\u0105 r\u0119k\u0119.<\/em><\/p>\n\n\n\n<p><strong>Ubezpieczenie\nod utraty dochodu w wyniku wypadku i choroby:<\/strong><\/p>\n\n\n\n<p>Gwarancja wyp\u0142aty 10 000 z\u0142 miesi\u0119cznie przez okres do 24 miesi\u0119cy.<\/p>\n\n\n\n<p>Ubezpieczenie\nca\u0142kowitej trwa\u0142ej niezdolno\u015bci do pracy w zawodzie wpisanym w polisie w wys.\n500.000 z\u0142.<\/p>\n\n\n\n<p><strong>Sk\u0142adka\nroczna 3&nbsp;230 (p\u0142atno\u015b\u0107 jednorazowa)<\/strong><\/p>\n\n\n\n<p><strong>Klient regularnie\/miesi\u0119cznie otrzymywa\u0142 przez 12 m-cy po 10&nbsp;000 z\u0142.<\/strong><\/p>\n\n\n\n<p><strong>Po\n12 m-cach z uwagi na trwa\u0142\u0105 i nieodwracaln\u0105 niesprawno\u015b\u0107 r\u0119ki nast\u0105pi\u0142a wyp\u0142ata\njednorazowo z tytu\u0142u trwa\u0142ej niezdolno\u015bci do pracy w zawodzie chirurga.<\/strong><\/p>\n\n\n\n<p><strong>Klient\notrzyma\u0142 razem wyp\u0142aty 500.000 z\u0142.<\/strong><\/p>\n\n\n<p><!--EndFragment--><\/p>","protected":false},"excerpt":{"rendered":"<p>Prowadzenie w\u0142asnego biznesu to du\u017ca odpowiedzialno\u015b\u0107. Je\u015bli nie mo\u017cesz pracowa\u0107 tracisz \u017ar\u00f3d\u0142o dochodu, ale koszty nie znikaj\u0105. Co zrobisz, je\u015bli z powod\u00f3w zdrowotnych utracisz zdolno\u015b\u0107 finansowania zobowi\u0105za\u0144? Od utraty dochodu i trwa\u0142ej niezdolno\u015bci do pracy w zwodzie \u00a0wskazanym w polisie w wyniku \u00a0wypadku lub choroby zwane popularnie prywatnym chorobowym. Ubezpieczenie dedykowane przede wszystkim dla os\u00f3b &#8230; <a href=\"https:\/\/twojakancelaria.co\/index.php\/ubezpieczenie-od-utraty-dochodu\/\" class=\"more-link text-uppercase small\"><strong>Continue Reading<\/strong> <i class=\"fa fa-angle-double-right\" aria-hidden=\"true\"><\/i><\/a><\/p>\n","protected":false},"author":1,"featured_media":0,"parent":0,"menu_order":0,"comment_status":"closed","ping_status":"closed","template":"","meta":{"footnotes":""},"class_list":["post-693","page","type-page","status-publish","hentry"],"_links":{"self":[{"href":"https:\/\/twojakancelaria.co\/index.php\/wp-json\/wp\/v2\/pages\/693","targetHints":{"allow":["GET"]}}],"collection":[{"href":"https:\/\/twojakancelaria.co\/index.php\/wp-json\/wp\/v2\/pages"}],"about":[{"href":"https:\/\/twojakancelaria.co\/index.php\/wp-json\/wp\/v2\/types\/page"}],"author":[{"embeddable":true,"href":"https:\/\/twojakancelaria.co\/index.php\/wp-json\/wp\/v2\/users\/1"}],"replies":[{"embeddable":true,"href":"https:\/\/twojakancelaria.co\/index.php\/wp-json\/wp\/v2\/comments?post=693"}],"version-history":[{"count":3,"href":"https:\/\/twojakancelaria.co\/index.php\/wp-json\/wp\/v2\/pages\/693\/revisions"}],"predecessor-version":[{"id":699,"href":"https:\/\/twojakancelaria.co\/index.php\/wp-json\/wp\/v2\/pages\/693\/revisions\/699"}],"wp:attachment":[{"href":"https:\/\/twojakancelaria.co\/index.php\/wp-json\/wp\/v2\/media?parent=693"}],"curies":[{"name":"wp","href":"https:\/\/api.w.org\/{rel}","templated":true}]}}